{"id":26991,"date":"2022-03-09T09:40:05","date_gmt":"2022-03-09T09:40:05","guid":{"rendered":"https:\/\/imercat.com\/kosmos\/facility-management\/"},"modified":"2022-05-30T13:07:48","modified_gmt":"2022-05-30T13:07:48","slug":"facility-management","status":"publish","type":"page","link":"https:\/\/www.kosmos-group.net\/ca\/facility-management\/","title":{"rendered":"Facility Management"},"content":{"rendered":"<p>[et_pb_section fb_built=&#8221;1&#8243; custom_padding_last_edited=&#8221;on|phone&#8221; module_id=&#8221;banner1&#8243; _builder_version=&#8221;4.17.4&#8243; _module_preset=&#8221;default&#8221; use_background_color_gradient=&#8221;on&#8221; background_color_gradient_direction=&#8221;90deg&#8221; background_color_gradient_stops=&#8221;#000000 0%|rgba(255,255,255,0) 76%&#8221; background_color_gradient_start=&#8221;#000000&#8243; background_color_gradient_end=&#8221;rgba(255,255,255,0)&#8221; background_color_gradient_end_position=&#8221;76%&#8221; background_image=&#8221;https:\/\/www.kosmos-group.net\/wp-content\/uploads\/2022\/03\/banner-facility-management-centro-comercial.jpg&#8221; background_blend=&#8221;darken&#8221; min_height=&#8221;375px&#8221; custom_padding=&#8221;||104px|||&#8221; custom_padding_tablet=&#8221;&#8221; custom_padding_phone=&#8221;10px||10px||false|false&#8221; global_colors_info=&#8221;{}&#8221;][et_pb_row column_structure=&#8221;2_3,1_3&#8243; custom_padding_last_edited=&#8221;on|phone&#8221; _builder_version=&#8221;4.16&#8243; _module_preset=&#8221;default&#8221; custom_padding_tablet=&#8221;&#8221; custom_padding_phone=&#8221;||0px||false|false&#8221; global_colors_info=&#8221;{}&#8221;][et_pb_column type=&#8221;2_3&#8243; _builder_version=&#8221;4.16&#8243; _module_preset=&#8221;default&#8221; global_colors_info=&#8221;{}&#8221;][et_pb_post_title meta=&#8221;off&#8221; featured_image=&#8221;off&#8221; _builder_version=&#8221;4.16&#8243; _module_preset=&#8221;default&#8221; title_font=&#8221;|700|||||||&#8221; title_text_color=&#8221;#FFFFFF&#8221; title_font_size=&#8221;5rem&#8221; custom_padding_tablet=&#8221;&#8221; custom_padding_phone=&#8221;||||false|false&#8221; custom_padding_last_edited=&#8221;on|phone&#8221; title_font_size_tablet=&#8221;4rem&#8221; title_font_size_phone=&#8221;2.5rem&#8221; title_font_size_last_edited=&#8221;on|phone&#8221; global_colors_info=&#8221;{}&#8221;][\/et_pb_post_title][et_pb_divider color=&#8221;#96c8d1&#8243; _builder_version=&#8221;4.16&#8243; _module_preset=&#8221;default&#8221; background_color=&#8221;#96c8d1&#8243; width=&#8221;60%&#8221; height=&#8221;10px&#8221; height_tablet=&#8221;10px&#8221; height_phone=&#8221;5px&#8221; height_last_edited=&#8221;on|phone&#8221; custom_margin=&#8221;-48px||||false|false&#8221; custom_margin_tablet=&#8221;-60px||||false|false&#8221; custom_margin_phone=&#8221;-48px||||false|false&#8221; custom_margin_last_edited=&#8221;on|phone&#8221; custom_padding_phone=&#8221;||||false|false&#8221; custom_padding_last_edited=&#8221;off|phone&#8221; global_colors_info=&#8221;{}&#8221;][\/et_pb_divider][\/et_pb_column][et_pb_column type=&#8221;1_3&#8243; _builder_version=&#8221;4.16&#8243; _module_preset=&#8221;default&#8221; global_colors_info=&#8221;{}&#8221;][\/et_pb_column][\/et_pb_row][\/et_pb_section][et_pb_section fb_built=&#8221;1&#8243; admin_label=&#8221;Punts forts&#8221; _builder_version=&#8221;4.16&#8243; _module_preset=&#8221;default&#8221; use_background_color_gradient=&#8221;on&#8221; background_color_gradient_direction=&#8221;90deg&#8221; background_color_gradient_stops=&#8221;#879da6 0%|rgba(0,0,0,0.8) 100%&#8221; background_color_gradient_start=&#8221;#879da6&#8243; background_color_gradient_end=&#8221;rgba(0,0,0,0.8)&#8221; background_enable_image=&#8221;off&#8221; background_blend=&#8221;darken&#8221; custom_padding=&#8221;15px||15px||false|false&#8221; collapsed=&#8221;off&#8221; global_colors_info=&#8221;{}&#8221;][et_pb_row column_structure=&#8221;1_3,1_3,1_3&#8243; _builder_version=&#8221;4.16&#8243; _module_preset=&#8221;default&#8221; global_colors_info=&#8221;{}&#8221;][et_pb_column type=&#8221;1_3&#8243; _builder_version=&#8221;4.16&#8243; _module_preset=&#8221;default&#8221; global_colors_info=&#8221;{}&#8221;][et_pb_blurb title=&#8221;Especialistes en Gesti\u00f3 de la Seguretat i PCI&#8221; use_icon=&#8221;on&#8221; font_icon=&#8221;&#x24;||divi||400&#8243; icon_color=&#8221;#96c8d1&#8243; icon_placement=&#8221;left&#8221; _builder_version=&#8221;4.16&#8243; _module_preset=&#8221;default&#8221; header_font_size=&#8221;22px&#8221; header_line_height=&#8221;1.2em&#8221; background_layout=&#8221;dark&#8221; animation_style=&#8221;slide&#8221; animation_direction=&#8221;left&#8221; animation_duration=&#8221;500ms&#8221; animation=&#8221;left&#8221; global_colors_info=&#8221;{}&#8221;][\/et_pb_blurb][et_pb_blurb title=&#8221;Protecci\u00f3 de Persones i B\u00e9ns&#8221; use_icon=&#8221;on&#8221; font_icon=&#8221;&#x24;||divi||400&#8243; icon_color=&#8221;#96c8d1&#8243; icon_placement=&#8221;left&#8221; _builder_version=&#8221;4.16&#8243; _module_preset=&#8221;default&#8221; header_font_size=&#8221;22px&#8221; header_line_height=&#8221;1.2em&#8221; background_layout=&#8221;dark&#8221; animation_style=&#8221;slide&#8221; animation_direction=&#8221;left&#8221; animation_duration=&#8221;500ms&#8221; animation_delay=&#8221;50ms&#8221; animation=&#8221;left&#8221; global_colors_info=&#8221;{}&#8221;][\/et_pb_blurb][\/et_pb_column][et_pb_column type=&#8221;1_3&#8243; _builder_version=&#8221;4.16&#8243; _module_preset=&#8221;default&#8221; global_colors_info=&#8221;{}&#8221;][et_pb_blurb title=&#8221;Prevenci\u00f3 i Gesti\u00f3 d&#8217;Incid\u00e8ncies&#8221; use_icon=&#8221;on&#8221; font_icon=&#8221;&#x24;||divi||400&#8243; icon_color=&#8221;#96c8d1&#8243; icon_placement=&#8221;left&#8221; _builder_version=&#8221;4.16&#8243; _module_preset=&#8221;default&#8221; header_font_size=&#8221;22px&#8221; header_line_height=&#8221;1.2em&#8221; background_layout=&#8221;dark&#8221; animation_style=&#8221;slide&#8221; animation_direction=&#8221;left&#8221; animation_duration=&#8221;500ms&#8221; animation_delay=&#8221;100ms&#8221; animation=&#8221;left&#8221; global_colors_info=&#8221;{}&#8221;][\/et_pb_blurb][et_pb_blurb title=&#8221;Efici\u00e8ncia i Estalvi de Costos&#8221; use_icon=&#8221;on&#8221; font_icon=&#8221;&#x24;||divi||400&#8243; icon_color=&#8221;#96c8d1&#8243; icon_placement=&#8221;left&#8221; _builder_version=&#8221;4.16&#8243; _module_preset=&#8221;default&#8221; header_font_size=&#8221;22px&#8221; header_line_height=&#8221;1.2em&#8221; background_layout=&#8221;dark&#8221; animation_style=&#8221;slide&#8221; animation_direction=&#8221;left&#8221; animation_duration=&#8221;500ms&#8221; animation_delay=&#8221;150ms&#8221; animation=&#8221;left&#8221; global_colors_info=&#8221;{}&#8221;][\/et_pb_blurb][\/et_pb_column][et_pb_column type=&#8221;1_3&#8243; _builder_version=&#8221;4.16&#8243; _module_preset=&#8221;default&#8221; global_colors_info=&#8221;{}&#8221;][et_pb_blurb title=&#8221;Experi\u00e8ncia en tota mena d&#8217;Edificis i Infraestructures&#8221; use_icon=&#8221;on&#8221; font_icon=&#8221;&#x24;||divi||400&#8243; icon_color=&#8221;#96c8d1&#8243; icon_placement=&#8221;left&#8221; _builder_version=&#8221;4.16&#8243; _module_preset=&#8221;default&#8221; header_font_size=&#8221;22px&#8221; header_line_height=&#8221;1.2em&#8221; background_layout=&#8221;dark&#8221; animation_style=&#8221;slide&#8221; animation_direction=&#8221;left&#8221; animation_duration=&#8221;500ms&#8221; animation_delay=&#8221;200ms&#8221; animation=&#8221;left&#8221; global_colors_info=&#8221;{}&#8221;][\/et_pb_blurb][et_pb_blurb title=&#8221;Certificats de Qualitat ISO 9001 i ISO 14001&#8243; use_icon=&#8221;on&#8221; font_icon=&#8221;&#x24;||divi||400&#8243; icon_color=&#8221;#96c8d1&#8243; icon_placement=&#8221;left&#8221; _builder_version=&#8221;4.16&#8243; _module_preset=&#8221;default&#8221; header_font_size=&#8221;22px&#8221; header_line_height=&#8221;1.2em&#8221; background_layout=&#8221;dark&#8221; animation_style=&#8221;slide&#8221; animation_direction=&#8221;left&#8221; animation_duration=&#8221;500ms&#8221; animation_delay=&#8221;250ms&#8221; animation=&#8221;left&#8221; global_colors_info=&#8221;{}&#8221;][\/et_pb_blurb][\/et_pb_column][\/et_pb_row][\/et_pb_section][et_pb_section fb_built=&#8221;1&#8243; custom_padding_last_edited=&#8221;on|phone&#8221; _builder_version=&#8221;4.16&#8243; _module_preset=&#8221;default&#8221; custom_padding=&#8221;||0px||false|false&#8221; custom_padding_tablet=&#8221;||0px||false|false&#8221; custom_padding_phone=&#8221;0px||0px||false|false&#8221; collapsed=&#8221;off&#8221; global_colors_info=&#8221;{}&#8221;][et_pb_row _builder_version=&#8221;4.16&#8243; _module_preset=&#8221;default&#8221; width=&#8221;50%&#8221; width_tablet=&#8221;50%&#8221; width_phone=&#8221;80%&#8221; width_last_edited=&#8221;on|phone&#8221; module_alignment=&#8221;center&#8221; global_colors_info=&#8221;{}&#8221;][et_pb_column type=&#8221;4_4&#8243; _builder_version=&#8221;4.16&#8243; _module_preset=&#8221;default&#8221; global_colors_info=&#8221;{}&#8221;][et_pb_text _builder_version=&#8221;4.16&#8243; _module_preset=&#8221;default&#8221; global_colors_info=&#8221;{}&#8221;]<\/p>\n<h2>Facility Management: Seguretat i Protecci\u00f3 Contra Incendis<\/h2>\n<p>Com a professionals del sector de la seguretat <em>(Security)<\/em> i de la protecci\u00f3 contra incendis <em>(Safety)<\/em> oferim als nostres clients un <em>Facility Management<\/em> espec\u00edfic per a aquestes dues activitats.<\/p>\n<p>[\/et_pb_text][et_pb_image src=&#8221;https:\/\/www.kosmos-group.net\/wp-content\/uploads\/2022\/03\/facility-management-naves-logisticas_1200.jpeg&#8221; title_text=&#8221;facility management naves logi\u0301sticas_1200&#8243; align=&#8221;center&#8221; _builder_version=&#8221;4.16&#8243; _module_preset=&#8221;default&#8221; max_width=&#8221;600px&#8221; custom_margin=&#8221;25px||25px||false|false&#8221; box_shadow_style=&#8221;preset3&#8243; box_shadow_vertical=&#8221;30px&#8221; box_shadow_blur=&#8221;60px&#8221; box_shadow_spread=&#8221;0px&#8221; box_shadow_color=&#8221;rgba(0,0,0,0.2)&#8221; global_colors_info=&#8221;{}&#8221;][\/et_pb_image][\/et_pb_column][\/et_pb_row][et_pb_row _builder_version=&#8221;4.16&#8243; _module_preset=&#8221;default&#8221; width=&#8221;50%&#8221; width_tablet=&#8221;50%&#8221; width_phone=&#8221;80%&#8221; width_last_edited=&#8221;on|phone&#8221; module_alignment=&#8221;center&#8221; global_colors_info=&#8221;{}&#8221;][et_pb_column type=&#8221;4_4&#8243; _builder_version=&#8221;4.16&#8243; _module_preset=&#8221;default&#8221; global_colors_info=&#8221;{}&#8221;][et_pb_text _builder_version=&#8221;4.16&#8243; _module_preset=&#8221;default&#8221; text_font_size=&#8221;22px&#8221; text_line_height=&#8221;1.6em&#8221; custom_margin=&#8221;||50px|||&#8221; custom_padding=&#8221;|||20px|false|false&#8221; border_width_left=&#8221;4px&#8221; border_color_left=&#8221;#879da6&#8243; global_colors_info=&#8221;{}&#8221;]<\/p>\n<p>En el Facility Management \u00e9s altament recomanable que els serveis espec\u00edfics, com la seguretat i la protecci\u00f3 contra incendis, siguin gestionats per especialistes. Est\u00e0 en risc la protecci\u00f3 de persones i b\u00e9ns.<\/p>\n<p>[\/et_pb_text][et_pb_text _builder_version=&#8221;4.16&#8243; _module_preset=&#8221;default&#8221; global_colors_info=&#8221;{}&#8221;]<\/p>\n<p>En els \u00faltims anys el <em> Facility Management<\/em> ha anat evolucionant de manera constant i, de manera especial, a l&#8217;entorn de la seguretat. S&#8217;ha deslligat de l&#8217;edifici per a convertir-se, de fet, en una gesti\u00f3 d&#8217;infraestructures. No sols es gestiona l&#8217;edifici en si, sin\u00f3 a m\u00e9s tot el que aquest acull. S&#8217;inclouen, fins i tot, infraestructures m\u00e9s enll\u00e0 dels propis immobles.<\/p>\n<p>Els diferents conceptes d&#8217;aplicaci\u00f3 en el m\u00f3n del <em>Facility Management<\/em> poden traslladar-se a m\u00faltiples entorns, sense que necess\u00e0riament se situ\u00efn en un complex o edifici. Aix\u00ed trobem infraestructures com a parcs, carreteres, \u00e0rees obertes i un gran nombre d&#8217;espais que poden requerir una bona gesti\u00f3 de manteniment.<\/p>\n<p>[\/et_pb_text][\/et_pb_column][\/et_pb_row][\/et_pb_section][et_pb_section fb_built=&#8221;1&#8243; custom_padding_last_edited=&#8221;on|phone&#8221; _builder_version=&#8221;4.16&#8243; _module_preset=&#8221;default&#8221; custom_padding=&#8221;18px||||false|false&#8221; custom_padding_tablet=&#8221;||||false|false&#8221; custom_padding_phone=&#8221;10px||||false|false&#8221; collapsed=&#8221;off&#8221; global_colors_info=&#8221;{}&#8221;][et_pb_row _builder_version=&#8221;4.16&#8243; _module_preset=&#8221;default&#8221; width=&#8221;50%&#8221; width_tablet=&#8221;50%&#8221; width_phone=&#8221;80%&#8221; width_last_edited=&#8221;on|phone&#8221; module_alignment=&#8221;center&#8221; global_colors_info=&#8221;{}&#8221;][et_pb_column type=&#8221;4_4&#8243; _builder_version=&#8221;4.16&#8243; _module_preset=&#8221;default&#8221; sticky_limit_bottom=&#8221;section&#8221; global_colors_info=&#8221;{}&#8221;][et_pb_text _builder_version=&#8221;4.16&#8243; _module_preset=&#8221;default&#8221; global_colors_info=&#8221;{}&#8221;]<\/p>\n<h2>Gesti\u00f3 de la Seguretat: Infraestructures i Usuaris<\/h2>\n<p>L&#8217;objectiu \u00e9s que cada actiu es trobi en el seu millor estat, amb la finalitat que romangui en funcionament i disponible, en condicions \u00f2ptimes, durant el major temps possible. A m\u00e9s, la seva actualitzaci\u00f3 tecnol\u00f2gica de manera constant resulta imprescindible, per tal de mantenir el grau de seguretat dels edificis i de les persones usu\u00e0ries.<\/p>\n<p>En segon terme, trobem els serveis vinculats als usuaris, basats en les necessitats que sorgeixen de les persones que usen una infraestructura. D&#8217;aquesta manera, un manteniment preventiu s&#8217;origina per la necessitat de l&#8217;actiu a ser mantingut. En canvi, la gesti\u00f3 d&#8217;incidents respon a un mal funcionament d&#8217;un actiu que, en la majoria dels casos, est\u00e0 afectant l&#8217;usuari.<\/p>\n<p>Aquesta relaci\u00f3 d&#8217;usuari i servei \u00e9s el que es denomina serveis d&#8217;usuari. En aquest cas, l&#8217;impulsor no \u00e9s la infraestructura, sin\u00f3 la persona que l&#8217;usa.<\/p>\n<p>[\/et_pb_text][et_pb_image src=&#8221;https:\/\/www.kosmos-group.net\/wp-content\/uploads\/2022\/03\/facility-management-edificios-oficinas_1200.jpg&#8221; title_text=&#8221;facility management edificios oficinas_1200&#8243; align=&#8221;center&#8221; _builder_version=&#8221;4.16&#8243; _module_preset=&#8221;default&#8221; max_width=&#8221;600px&#8221; custom_margin=&#8221;25px||70px||false|false&#8221; box_shadow_style=&#8221;preset3&#8243; box_shadow_vertical=&#8221;30px&#8221; box_shadow_blur=&#8221;60px&#8221; box_shadow_spread=&#8221;0px&#8221; box_shadow_color=&#8221;rgba(0,0,0,0.2)&#8221; locked=&#8221;off&#8221; global_colors_info=&#8221;{}&#8221;][\/et_pb_image][et_pb_text _builder_version=&#8221;4.16&#8243; _module_preset=&#8221;default&#8221; global_colors_info=&#8221;{}&#8221;]<\/p>\n<p>Actualment, la nova generaci\u00f3 dels sistemes de gesti\u00f3 tenen en compte els tres conceptes: el de gesti\u00f3, el d&#8217;infraestructura i el de servei. D&#8217;aqu\u00ed neixen els ISM <em>(Infrastructure and Services Management)<\/em>, sistemes d&#8217;informaci\u00f3 que es preocupen tant per la gesti\u00f3 de les infraestructures com dels serveis que en elles es poden o han de donar.<\/p>\n<p>A Kosmos Group comptem amb professionals experts en sistemes de seguretat i protecci\u00f3 contra incendis, t&#8217;ajudem a gestionar de manera eficient i segura les teves instal\u00b7lacions.<\/p>\n<p>[\/et_pb_text][et_pb_image src=&#8221;https:\/\/www.kosmos-group.net\/wp-content\/uploads\/2022\/03\/software-de-gestion-de-seguridad_1200.jpg&#8221; title_text=&#8221;software de gestio\u0301n de seguridad_1200&#8243; align=&#8221;center&#8221; _builder_version=&#8221;4.16&#8243; _module_preset=&#8221;default&#8221; max_width=&#8221;600px&#8221; custom_margin=&#8221;25px||70px||false|false&#8221; box_shadow_style=&#8221;preset3&#8243; box_shadow_vertical=&#8221;30px&#8221; box_shadow_blur=&#8221;60px&#8221; box_shadow_spread=&#8221;0px&#8221; box_shadow_color=&#8221;rgba(0,0,0,0.2)&#8221; locked=&#8221;off&#8221; global_colors_info=&#8221;{}&#8221;][\/et_pb_image][\/et_pb_column][\/et_pb_row][\/et_pb_section][et_pb_section fb_built=&#8221;1&#8243; custom_padding_last_edited=&#8221;on|phone&#8221; admin_label=&#8221;CTA&#8221; _builder_version=&#8221;4.14.2&#8243; _module_preset=&#8221;default&#8221; background_color=&#8221;#96c8d1&#8243; custom_padding_tablet=&#8221;&#8221; custom_padding_phone=&#8221;10px||10px||false|false&#8221; global_module=&#8221;26507&#8243; collapsed=&#8221;off&#8221; global_colors_info=&#8221;{}&#8221;][et_pb_row make_equal=&#8221;on&#8221; _builder_version=&#8221;4.16&#8243; _module_preset=&#8221;default&#8221; global_colors_info=&#8221;{}&#8221;][et_pb_column type=&#8221;4_4&#8243; _builder_version=&#8221;4.16&#8243; _module_preset=&#8221;default&#8221; custom_css_main_element=&#8221;margin: auto 0;&#8221; global_colors_info=&#8221;{}&#8221;][et_pb_text _builder_version=&#8221;4.16&#8243; _module_preset=&#8221;default&#8221; text_font=&#8221;Barlow Semi Condensed||||||||&#8221; text_text_color=&#8221;#313040&#8243; text_font_size=&#8221;1.6rem&#8221; text_line_height=&#8221;1.6em&#8221; header_4_text_align=&#8221;center&#8221; header_4_font_size=&#8221;2.5rem&#8221; text_orientation=&#8221;center&#8221; text_font_size_tablet=&#8221;2rem&#8221; text_font_size_phone=&#8221;1.2rem&#8221; text_font_size_last_edited=&#8221;on|phone&#8221; global_colors_info=&#8221;{}&#8221;]<\/p>\n<h4>Com podem ajudar-te?<\/h4>\n<p>[\/et_pb_text][et_pb_button button_url=&#8221;https:\/\/www.kosmos-group.net\/ca\/contacte\/#formulario&#8221; button_text=&#8221;Contacta amb Kosmos&#8221; button_alignment=&#8221;center&#8221; button_alignment_tablet=&#8221;center&#8221; button_alignment_phone=&#8221;center&#8221; button_alignment_last_edited=&#8221;on|phone&#8221; _builder_version=&#8221;4.16&#8243; _module_preset=&#8221;default&#8221; custom_padding=&#8221;15px||15px||false|false&#8221; global_colors_info=&#8221;{}&#8221; button_text_color__hover_enabled=&#8221;on|hover&#8221; button_text_color__hover=&#8221;#313040&#8243; button_bg_color__hover_enabled=&#8221;on|hover&#8221; button_bg_color__hover=&#8221;#FFFFFF&#8221; button_bg_enable_color__hover=&#8221;on&#8221; button_border_color__hover_enabled=&#8221;on|hover&#8221; button_border_color__hover=&#8221;#ffffff&#8221;][\/et_pb_button][\/et_pb_column][\/et_pb_row][\/et_pb_section]<\/p>\n","protected":false},"excerpt":{"rendered":"<p>Facility Management: Seguretat i Protecci\u00f3 Contra Incendis Com a professionals del sector de la seguretat (Security) i de la protecci\u00f3 contra incendis (Safety) oferim als nostres clients un Facility Management espec\u00edfic per a aquestes dues activitats.En el Facility Management \u00e9s altament recomanable que els serveis espec\u00edfics, com la seguretat i la protecci\u00f3 contra incendis, siguin [&hellip;]<\/p>\n","protected":false},"author":3,"featured_media":26724,"parent":0,"menu_order":0,"comment_status":"closed","ping_status":"closed","template":"","meta":{"_et_pb_use_builder":"on","_et_pb_old_content":"","_et_gb_content_width":"","inline_featured_image":false,"footnotes":""},"class_list":["post-26991","page","type-page","status-publish","has-post-thumbnail","hentry"],"_links":{"self":[{"href":"https:\/\/www.kosmos-group.net\/ca\/wp-json\/wp\/v2\/pages\/26991","targetHints":{"allow":["GET"]}}],"collection":[{"href":"https:\/\/www.kosmos-group.net\/ca\/wp-json\/wp\/v2\/pages"}],"about":[{"href":"https:\/\/www.kosmos-group.net\/ca\/wp-json\/wp\/v2\/types\/page"}],"author":[{"embeddable":true,"href":"https:\/\/www.kosmos-group.net\/ca\/wp-json\/wp\/v2\/users\/3"}],"replies":[{"embeddable":true,"href":"https:\/\/www.kosmos-group.net\/ca\/wp-json\/wp\/v2\/comments?post=26991"}],"version-history":[{"count":9,"href":"https:\/\/www.kosmos-group.net\/ca\/wp-json\/wp\/v2\/pages\/26991\/revisions"}],"predecessor-version":[{"id":27881,"href":"https:\/\/www.kosmos-group.net\/ca\/wp-json\/wp\/v2\/pages\/26991\/revisions\/27881"}],"wp:featuredmedia":[{"embeddable":true,"href":"https:\/\/www.kosmos-group.net\/ca\/wp-json\/wp\/v2\/media\/26724"}],"wp:attachment":[{"href":"https:\/\/www.kosmos-group.net\/ca\/wp-json\/wp\/v2\/media?parent=26991"}],"curies":[{"name":"wp","href":"https:\/\/api.w.org\/{rel}","templated":true}]}}