{"id":27129,"date":"2021-10-27T14:16:19","date_gmt":"2021-10-27T14:16:19","guid":{"rendered":"https:\/\/imercat.com\/kosmos\/politica-de-privacitat\/"},"modified":"2022-12-20T09:36:17","modified_gmt":"2022-12-20T09:36:17","slug":"politica-de-privacitat","status":"publish","type":"page","link":"https:\/\/www.kosmos-group.net\/ca\/politica-de-privacitat\/","title":{"rendered":"Pol\u00edtica de privacitat"},"content":{"rendered":"<p>[et_pb_section fb_built=&#8221;1&#8243; custom_padding_last_edited=&#8221;on|phone&#8221; module_id=&#8221;banner1&#8243; _builder_version=&#8221;4.17.4&#8243; _module_preset=&#8221;default&#8221; use_background_color_gradient=&#8221;on&#8221; background_color_gradient_direction=&#8221;90deg&#8221; background_color_gradient_stops=&#8221;#000000 0%|rgba(255,255,255,0) 76%&#8221; background_color_gradient_start=&#8221;#000000&#8243; background_color_gradient_end=&#8221;rgba(255,255,255,0)&#8221; background_color_gradient_end_position=&#8221;76%&#8221; background_image=&#8221;https:\/\/www.kosmos-group.net\/wp-content\/uploads\/2022\/03\/banner-ingenieria-de-proyectos.jpg&#8221; background_blend=&#8221;darken&#8221; min_height=&#8221;375px&#8221; custom_padding_tablet=&#8221;&#8221; custom_padding_phone=&#8221;10px||10px||false|false&#8221; global_colors_info=&#8221;{}&#8221;][et_pb_row column_structure=&#8221;2_3,1_3&#8243; custom_padding_last_edited=&#8221;on|phone&#8221; _builder_version=&#8221;4.16&#8243; _module_preset=&#8221;default&#8221; custom_padding_tablet=&#8221;&#8221; custom_padding_phone=&#8221;||0px||false|false&#8221; global_colors_info=&#8221;{}&#8221;][et_pb_column type=&#8221;2_3&#8243; _builder_version=&#8221;4.16&#8243; _module_preset=&#8221;default&#8221; global_colors_info=&#8221;{}&#8221;][et_pb_post_title meta=&#8221;off&#8221; featured_image=&#8221;off&#8221; _builder_version=&#8221;4.16&#8243; _module_preset=&#8221;default&#8221; title_font=&#8221;|700|||||||&#8221; title_text_color=&#8221;#FFFFFF&#8221; title_font_size=&#8221;5rem&#8221; custom_padding_tablet=&#8221;&#8221; custom_padding_phone=&#8221;||||false|false&#8221; custom_padding_last_edited=&#8221;on|phone&#8221; title_font_size_tablet=&#8221;4rem&#8221; title_font_size_phone=&#8221;2.5rem&#8221; title_font_size_last_edited=&#8221;on|phone&#8221; global_colors_info=&#8221;{}&#8221;][\/et_pb_post_title][et_pb_divider color=&#8221;#96c8d1&#8243; _builder_version=&#8221;4.16&#8243; _module_preset=&#8221;default&#8221; background_color=&#8221;#96c8d1&#8243; width=&#8221;60%&#8221; height=&#8221;10px&#8221; height_tablet=&#8221;10px&#8221; height_phone=&#8221;5px&#8221; height_last_edited=&#8221;on|phone&#8221; custom_margin=&#8221;-48px||||false|false&#8221; custom_margin_tablet=&#8221;-60px||||false|false&#8221; custom_margin_phone=&#8221;-48px||||false|false&#8221; custom_margin_last_edited=&#8221;on|phone&#8221; custom_padding_phone=&#8221;||||false|false&#8221; custom_padding_last_edited=&#8221;off|phone&#8221; global_colors_info=&#8221;{}&#8221;][\/et_pb_divider][\/et_pb_column][et_pb_column type=&#8221;1_3&#8243; _builder_version=&#8221;4.16&#8243; _module_preset=&#8221;default&#8221; global_colors_info=&#8221;{}&#8221;][\/et_pb_column][\/et_pb_row][\/et_pb_section][et_pb_section fb_built=&#8221;1&#8243; custom_padding_last_edited=&#8221;on|phone&#8221; _builder_version=&#8221;4.16&#8243; _module_preset=&#8221;default&#8221; custom_padding=&#8221;||0px||false|false&#8221; custom_padding_tablet=&#8221;||0px||false|false&#8221; custom_padding_phone=&#8221;0px||0px||false|false&#8221; collapsed=&#8221;off&#8221; global_colors_info=&#8221;{}&#8221;][et_pb_row _builder_version=&#8221;4.16&#8243; _module_preset=&#8221;default&#8221; width=&#8221;50%&#8221; width_tablet=&#8221;50%&#8221; width_phone=&#8221;80%&#8221; width_last_edited=&#8221;on|phone&#8221; module_alignment=&#8221;center&#8221; global_colors_info=&#8221;{}&#8221;][et_pb_column type=&#8221;4_4&#8243; _builder_version=&#8221;4.16&#8243; _module_preset=&#8221;default&#8221; global_colors_info=&#8221;{}&#8221;][et_pb_text _builder_version=&#8221;4.16&#8243; _module_preset=&#8221;default&#8221; global_colors_info=&#8221;{}&#8221;]<\/p>\n<p><strong>Reglament europeu 2016\/679 relatiu a la protecci\u00f3 de les persones f\u00edsiques pel que fa al tractament de dades personals i a la lliure circulaci\u00f3 d\u2019aquestes dades.<\/strong><\/p>\n<p><strong>Llei Org\u00e0nica 3\/2018 de Protecci\u00f3 de dades personals i garantia dels drets digitals.<\/strong><\/p>\n<p>Tant la privacitat de les dades com la confidencialitat de la informaci\u00f3 s\u00f3n aspectes importants per KOSMOS GROUP. Aquesta pol\u00edtica de protecci\u00f3 de dades estableix la manera en qu\u00e8 es tracten les dades de car\u00e0cter personal i podr\u00e0 variar en el temps a causa dels possibles canvis legislatius, jurisprudencials o dels criteris seguits per l\u2019Ag\u00e8ncia Espanyola de Protecci\u00f3 de Dades i\/o l\u2019autoritat competent en cada moment. \u00c9s per aix\u00f2 que KOSMOS GROUP es reserva el dret a modificar la present pol\u00edtica per adaptar-lo a novetats legislatives o jurisprudencials que es troben vigents en el moment prec\u00eds en qu\u00e8 s\u2019accedeixi a la web.<\/p>\n<p>Data darrera actualitzaci\u00f3: 25\/05\/2019<\/p>\n<p><strong><u>1.- Qui \u00e9s el responsable del tractament de les seves dades?<\/u><\/strong><\/p>\n<p>El titular responsable del tractament \u00e9s:<\/p>\n<p>PCI KOSMOS GROUP S.A<\/p>\n<p>CIF: A63065189<\/p>\n<p>Direcci\u00f3: C\/ Sever Ochoa 18-20-22 Local, 08950, Esplugues de Llobregat (Barcelona)<\/p>\n<p>Serveis: Protecci\u00f3 contra incendis, consultoria en PCI, senyalitzaci\u00f3 de Seguretat en edificis, formaci\u00f3 emerg\u00e8ncies, Seguretat electr\u00f2nica, megafonia i telecomunicacions professionals, reconeixement de matr\u00edcules.<\/p>\n<p>CIM KOSMOS INTEGRAL SERVICES S.L<\/p>\n<p>CIF: B64522311<\/p>\n<p>Direcci\u00f3: C\/ Sever Ochoa 18-20-22 Local, 08950, Esplugues de Llobregat (Barcelona)<\/p>\n<p>Serveis: central d\u2019alarmes.<\/p>\n<p>Delegat de Protecci\u00f3 de Dades: <a href=\"mailto:info@kosmos-group.net\">info@kosmos-group.net<\/a><\/p>\n<p>\u2013 D\u2019ARA EN ENDAVANT, KOSMOS GROUP \u2013<\/p>\n<p><strong><u>2.- Amb quina finalitat tractem les vostres dades<\/u><\/strong><strong><u>,amb quina legitimitat i durant quant de temps les conservem?<\/u><\/strong><\/p>\n<p>S\u2019informa als titulars de les dades personals que KOSMOS GROUP recull les dades necess\u00e0ries per dur a terme la seva sol\u00b7licitud i\/o el servei contractat, sent adequades, pertinents i limitades al que \u00e9s necessari en relaci\u00f3 amb els fins per als quals s\u00f3n tractades.<\/p>\n<p>Preguem que, per mantenir les dades actuals, exactes i al dia, ens comuniqui qualsevol canvi o modificaci\u00f3 que hagi pogut produir-se.<\/p>\n<p>A KOSMOS GROUP tractem les dades personals per a les finalitats seg\u00fcents:<\/p>\n<p><u>1.- DADES OBTINGUDES A TRAV\u00c9S DEL PRESENT LLOC WEB <\/u><\/p>\n<p>FORMULARI CONTACTE<\/p>\n<p>Les seves dades seran tractades \u00fanicament per atendre les seves sol\u00b7licituds.<\/p>\n<ul>\n<li>La base legal per al tractament \u00e9s el consentiment atorgat amb l\u2019acceptaci\u00f3 de la present pol\u00edtica de protecci\u00f3 de dades.<\/li>\n<li>El termini de conservaci\u00f3: les dades seran eliminats un cop atesa la seva sol\u00b7licitud.<\/li>\n<\/ul>\n<p><u>2.- DADES OBTINGUTS DE LES NOSTRES RELACIONS PROFESSIONALS<\/u><\/p>\n<p>2.1.- POTENCIALIES CLIENTS I CONTACTES COMERCIALS<\/p>\n<p>La finalitat del tractament \u00e9s la prospecci\u00f3 comercial i l\u2019enviament de comunicacions sobre els productes i serveis de l\u2019empresa que puguin ser d\u2019inter\u00e8s. No obstant, podr\u00e0 oposar-se a aquest tractament en qualsevol moment o a trav\u00e9s de les indicacions incloses en cada comunicat que rebi.<\/p>\n<ul>\n<li>La base legal per al tractament \u00e9s l\u2019exist\u00e8ncia d\u2019una relaci\u00f3 precontractual i \/ o l\u2019inter\u00e8s leg\u00edtim de l\u2019empresa en la promoci\u00f3 dels seus productes i serveis.<\/li>\n<li>El termini de conservaci\u00f3: les dades es conservaran en tot cas durant el temps que duri la relaci\u00f3 comercial o fins que se sol\u00b7liciti la seva supressi\u00f3.<\/li>\n<\/ul>\n<p>2.2.- CLIENTS<\/p>\n<p>La finalitat del tractament \u00e9s la gesti\u00f3 de clients, gesti\u00f3 administrativa, econ\u00f2mica i comptable aix\u00ed com la promoci\u00f3 dels productes i serveis de l\u2019empresa. No obstant podr\u00e0 oposar-se a aquest tractament en qualsevol moment o a trav\u00e9s de les indicacions incloses en cada comunicat que rebi.<\/p>\n<ul>\n<li>La base legal per al tractament \u00e9s l\u2019exist\u00e8ncia d\u2019una relaci\u00f3 contractual.<\/li>\n<li>El termini de conservaci\u00f3: les dades es conservaran en tot cas durant el temps que duri la relaci\u00f3 contractual i posteriorment durant els terminis legals establerts en la legislaci\u00f3 civil per a la prescripci\u00f3 de les obligacions contractuals i la legislaci\u00f3 comptable i fiscal.<\/li>\n<\/ul>\n<p>2.3.- ALUMNES<\/p>\n<p>La finalitat del tractament \u00e9s la gesti\u00f3 de programes de formaci\u00f3 i la realitzaci\u00f3 de pr\u00e0ctiques a les instal\u00b7lacions del client. ix\u00ed mateix KOSMOS GROUP el mantindr\u00e0 informat sobre els nous cursos i convocat\u00f2ries que puguin ser d\u2019inter\u00e8s. No obstant podr\u00e0 oposar-se a aquest tractament en qualsevol moment o a trav\u00e9s de les indicacions incloses en cada comunicat que rebi.<\/p>\n<ul>\n<li>La base legal per al tractament \u00e9s l\u2019exist\u00e8ncia d\u2019una relaci\u00f3 contractual i l\u2019inter\u00e8s leg\u00edtim de l\u2019empresa en la promoci\u00f3 dels seus cursos.<\/li>\n<li>El termini de conservaci\u00f3: les dades es conservaran en tot cas durant el temps que duri la relaci\u00f3 contractual i posteriorment durant els terminis legals establerts en la legislaci\u00f3 civil per a la prescripci\u00f3 de les obligacions contractuals i la legislaci\u00f3 comptable i fiscal.<\/li>\n<\/ul>\n<p>2.4.- PROVE\u00cfDORS I COL\u00b7LABORADORS<\/p>\n<p>La finalitat del tractament \u00e9s la gesti\u00f3 de prove\u00efdors: gesti\u00f3 de contractes, comandes i pagaments, aix\u00ed com mantenir una base de dades de contactes per a possibles futures contractacions i\/o col\u00b7laboracions.<\/p>\n<ul>\n<li>La base legal per al tractament \u00e9s l\u2019exist\u00e8ncia d\u2019una relaci\u00f3 contractual.<\/li>\n<li>El termini de conservaci\u00f3: les dades es conservaran en tot cas durant el temps que duri la relaci\u00f3 contractual i posteriorment durant els terminis legals establerts en la legislaci\u00f3 civil per a la prescripci\u00f3 de les obligacions contractuals i la legislaci\u00f3 comptable i fiscal.<\/li>\n<\/ul>\n<p>2.5.- CANDIDATS QUE REMETEN SEU CV A LA COMPANYIA<\/p>\n<p>A KOSMOS GROUP tractem les dades personals dels nostres candidats a lloc d\u2019empleat per a les seg\u00fcents finalitats:<\/p>\n<p>1.- Per a la selecci\u00f3 de personal durant els processos que l\u2019empresa mant\u00e9 oberts.<\/p>\n<p>2.- Per mantenir un arxiu amb informaci\u00f3 curricular dels candidats a prestar serveis a la nostra Companyia i el perfil requerit s\u2019ajusta a les caracter\u00edstiques de l\u2019empresa.<\/p>\n<ul>\n<li>La base legal per al tractament \u00e9s el consentiment atorgat amb l\u2019enviament voluntari del seu CV.<\/li>\n<li>El termini de conservaci\u00f3: les dades es conservaran durant el termini m\u00e0xim de 2 anys. No obstant aix\u00f2 l\u2019empresa podr\u00e0 conservar el seu nom i cognoms i email de contacte per a futures col\u00b7laboracions sense perjudici dels drets de qu\u00e8 disposa el titular de les dades segons s\u2019estableix en l\u2019apartat \u201cDrets\u201d<\/li>\n<\/ul>\n<p>2.6.- CONTROL D\u2019ACCESSOS<\/p>\n<p>La finalitat del tractament \u00e9s portar un control de visites i la gesti\u00f3 del personal extern amb acc\u00e9s a les instal\u00b7lacions.<\/p>\n<ul>\n<li>La base legal per al tractament \u00e9s l\u2019inter\u00e8s leg\u00edtim de KOSMOS GROUP per al control d\u2019accessos i seguretat del centre de treball.<\/li>\n<li>El termini de conservaci\u00f3: les dades personals recollides s\u2019han de conservar durant el termini m\u00e0xim d\u2019un mes i seran eliminades posteriorment.<\/li>\n<\/ul>\n<p>2.7.- VIDEOVIGIL\u00c0NCIA<\/p>\n<p>La finalitat del tractament \u00e9s la videovigil\u00e0ncia i seguretat de les instal\u00b7lacions.<\/p>\n<ul>\n<li>La base legal per al tractament \u00e9s l\u2019inter\u00e8s leg\u00edtim de KOSMOS GROUP per a la videovigil\u00e0ncia.<\/li>\n<li>El termini de conservaci\u00f3: les imatges es conservaran durant el termini m\u00e0xim d\u2019un mes i seran eliminades posteriorment.<\/li>\n<\/ul>\n<p>2.8.- B\u00daSTIA DEL DELEGAT DE PROTECCI\u00d3 DE DADES<\/p>\n<p>La finalitat del tractament \u00e9s atendre els drets dels titulars de les dades, les seves sol\u00b7licituds i queixes en el tractament de les seves dades personals.<\/p>\n<ul>\n<li>La base legal per al tractament \u00e9s el seu consentiment que es considera atorgat en el moment que ens remet la seva consulta o petici\u00f3.<\/li>\n<li>El termini de conservaci\u00f3: les dades s\u2019eliminaran un cop prescrits els terminis legals de reclamaci\u00f3 davant a l\u2019AEPD (3 anys).<\/li>\n<\/ul>\n<p><strong><u>3.- A qui comunicarem les seves dades?<\/u><\/strong><\/p>\n<p>KOSMOS GROUP no comunicar\u00e0 les seves dades a tercers, excepte per obligaci\u00f3 legal o a tercers necessaris per a la prestaci\u00f3 del servei.<\/p>\n<p>No est\u00e0 prevista la transfer\u00e8ncia internacional de les seves dades.<\/p>\n<p><strong><u>4.- Quins s\u00f3n els seus drets en protecci\u00f3 de dades?<\/u><\/strong><\/p>\n<p>Qualsevol persona t\u00e9 dret a obtenir informaci\u00f3 sobre quines dades est\u00e0 tractant.<\/p>\n<p>A continuaci\u00f3, li expliquem els seus drets:<\/p>\n<ul>\n<li>Les persones interessades tenen dret a <u>accedir<\/u> a les seves dades personals, aix\u00ed com a sol\u00b7licitar la <u>rectificaci\u00f3<\/u> de les dades inexactes o, si escau, sol\u00b7licitar la seva <u>supressi\u00f3<\/u> quan, entre d\u2019altres motius, les dades ja no siguin necessaris per als fins que van ser recollits.<\/li>\n<li>En determinades circumst\u00e0ncies, els interessats podran sol\u00b7licitar la <u>limitaci\u00f3 del tractament<\/u> de les seves dades, en aquest cas \u00fanicament es conservaran per a l\u2019exercici o la defensa de reclamacions.<\/li>\n<li>En determinades circumst\u00e0ncies i per motius relacionats amb la seva situaci\u00f3 particular, els interessats podran <u>oposar-se<\/u> al tractament de les seves dades. KOSMOS GROUP deixar\u00e0 de tractar les dades, excepte per motius leg\u00edtims imperiosos, o l\u2019exercici o la defensa de possibles reclamacions.<\/li>\n<li><u>Portabilitat<\/u>: l\u2019interessat tindr\u00e0 dret a rebre les dades personals que li incumbeixin, que hagi facilitat a l\u2019empresa, en un format estructurat, d\u2019\u00fas com\u00fa i lectura mec\u00e0nica quan: a) el tractament estigui basat en el consentiment o en un contracte, i b) el tractament s\u2019efectu\u00ef per mitjans automatitzats.<\/li>\n<\/ul>\n<p>L\u2019informem del seu dret a presentar una reclamaci\u00f3 davant l\u2019autoritat de control (AEPD.- <a href=\"about:blank\">www.agpd.es)<\/a> en el cas que no hi hagi vist satisfets l\u2019exercici dels seus drets aqu\u00ed indicats.<\/p>\n<p>Per exercir els esmentats drets pot posar-se en contacte a trav\u00e9s del correu electr\u00f2nic <a href=\"mailto:info@kosmos-group.net\">info@kosmos-group.net<\/a> , indicant la seg\u00fcent informaci\u00f3:<\/p>\n<p>Nom i cognoms,<\/p>\n<p>N\u00famero de DNI,<\/p>\n<p>Correu electr\u00f2nic de contacte,<\/p>\n<p>Dret que desitja exercitar,<\/p>\n<p>Dades sobre els quals realitza la seva sol\u00b7licitud<\/p>\n<p>En el termini m\u00e0xim d\u2019un mes resoldrem la seva sol\u00b7licitud i es notificar\u00e0 a la teva adre\u00e7a indicat.<\/p>\n<p><strong><u>5.- Quina seguretat apliquem per protegir les seves dades personals?<\/u><\/strong><\/p>\n<p>Tenint en compte l\u2019estat de la t\u00e8cnica, els costos d\u2019aplicaci\u00f3, i la naturalesa, l\u2019abast, el context i les finalitats del tractament, aix\u00ed com riscos de probabilitat i gravetat variables per als drets i llibertats de les persones f\u00edsiques, KOSMOS GROUP aplicar\u00e0 mesures t\u00e8cniques i organitzatives apropiades per garantir un nivell de seguretat adequat al risc, que evitin la destrucci\u00f3, p\u00e8rdua o alteraci\u00f3 accidental o il\u00b7l\u00edcita de dades personals transmeses, conservades o tractades d\u2019una altra manera, o la comunicaci\u00f3 o acc\u00e9s no autoritzats a les esmentades dades.<\/p>\n<p>[\/et_pb_text][\/et_pb_column][\/et_pb_row][\/et_pb_section]<\/p>\n","protected":false},"excerpt":{"rendered":"<p>Reglament europeu 2016\/679 relatiu a la protecci\u00f3 de les persones f\u00edsiques pel que fa al tractament de dades personals i a la lliure circulaci\u00f3 d\u2019aquestes dades. Llei Org\u00e0nica 3\/2018 de Protecci\u00f3 de dades personals i garantia dels drets digitals. Tant la privacitat de les dades com la confidencialitat de la informaci\u00f3 s\u00f3n aspectes importants per [&hellip;]<\/p>\n","protected":false},"author":3,"featured_media":0,"parent":0,"menu_order":0,"comment_status":"closed","ping_status":"open","template":"","meta":{"_et_pb_use_builder":"on","_et_pb_old_content":"","_et_gb_content_width":"","inline_featured_image":false,"footnotes":""},"class_list":["post-27129","page","type-page","status-publish","hentry"],"_links":{"self":[{"href":"https:\/\/www.kosmos-group.net\/ca\/wp-json\/wp\/v2\/pages\/27129","targetHints":{"allow":["GET"]}}],"collection":[{"href":"https:\/\/www.kosmos-group.net\/ca\/wp-json\/wp\/v2\/pages"}],"about":[{"href":"https:\/\/www.kosmos-group.net\/ca\/wp-json\/wp\/v2\/types\/page"}],"author":[{"embeddable":true,"href":"https:\/\/www.kosmos-group.net\/ca\/wp-json\/wp\/v2\/users\/3"}],"replies":[{"embeddable":true,"href":"https:\/\/www.kosmos-group.net\/ca\/wp-json\/wp\/v2\/comments?post=27129"}],"version-history":[{"count":4,"href":"https:\/\/www.kosmos-group.net\/ca\/wp-json\/wp\/v2\/pages\/27129\/revisions"}],"predecessor-version":[{"id":28074,"href":"https:\/\/www.kosmos-group.net\/ca\/wp-json\/wp\/v2\/pages\/27129\/revisions\/28074"}],"wp:attachment":[{"href":"https:\/\/www.kosmos-group.net\/ca\/wp-json\/wp\/v2\/media?parent=27129"}],"curies":[{"name":"wp","href":"https:\/\/api.w.org\/{rel}","templated":true}]}}